{"id":13121,"date":"2018-01-24T16:58:55","date_gmt":"2018-01-24T16:58:55","guid":{"rendered":"https:\/\/www.aneme.pt\/site\/?page_id=13121"},"modified":"2018-02-23T12:24:39","modified_gmt":"2018-02-23T12:24:39","slug":"projeto-formacao-acao-pme-2017-2018","status":"publish","type":"page","link":"https:\/\/www.aneme.pt\/site\/projeto-formacao-acao-pme-2017-2018\/","title":{"rendered":"P2020: Projeto Forma\u00e7\u00e3o A\u00e7\u00e3o para PME &#8211; 2017\/2018"},"content":{"rendered":"<div class=\"fusion-fullwidth fullwidth-box fusion-builder-row-1 hundred-percent-fullwidth non-hundred-percent-height-scrolling\" style=\"--awb-border-radius-top-left:0px;--awb-border-radius-top-right:0px;--awb-border-radius-bottom-right:0px;--awb-border-radius-bottom-left:0px;--awb-overflow:visible;--awb-flex-wrap:wrap;\" ><div class=\"fusion-builder-row fusion-row\"><div class=\"fusion-layout-column fusion_builder_column fusion-builder-column-0 fusion_builder_column_1_1 1_1 fusion-one-full fusion-column-first fusion-column-last fusion-column-no-min-height\" style=\"--awb-bg-size:cover;--awb-margin-bottom:0px;\"><div class=\"fusion-column-wrapper fusion-flex-column-wrapper-legacy\"><div class=\"fusion-text fusion-text-1\"><p><b>PROJETO FORMA\u00c7\u00c3O A\u00c7\u00c3O PARA PME (2017\/2018)<\/b><\/p>\n<p><b>\u00a0<\/b><\/p>\n<p><b>Projeto N\u00ba.:\u00a0<\/b>POCI-03-3560-FSE-000402\u00a0<b>DESPESA ELEG\u00cdVEL APROVADA:\u00a0<\/b>584 527,25 \u20ac<\/p>\n<p><b>Aviso N\u00ba.:\u00a0<\/b>7\/SI\/2016\u00a0 SISTEMA DE INCENTIVOS \u2013 PROJETOS CONJUNTOS &#8211; FORMA\u00c7\u00c3O-A\u00c7\u00c3O<\/p>\n<p><b>Programa Operacional:\u00a0<\/b>POCI &#8211; PROGRAMA OPERACIONAL COMPETITIVIDADE E INTERNACIONALIZA\u00c7\u00c3O<\/p>\n<p><b>Designa\u00e7\u00e3o:\u00a0<\/b><i>\u00a0<\/i>PROJETO FORMA\u00c7\u00c3O AC\u00c7\u00c3O PARA PME (2017\/2018)<\/p>\n<p><b>\u00a0<\/b><\/p>\n<p><b>Objetivo:\u00a0<\/b>O projeto tem como objetivo promover a qualifica\u00e7\u00e3o das empresas do sector metal\u00fargico e eletromec\u00e2nico, atrav\u00e9s do fortalecimento das compet\u00eancias dos empres\u00e1rios e seus colaboradores, que lhes permitam encetar processos de mudan\u00e7a e inova\u00e7\u00e3o, nas \u00e1reas da Organiza\u00e7\u00e3o\/Gest\u00e3o e Internacionaliza\u00e7\u00e3o. A interven\u00e7\u00e3o assenta numa metodologia de forma\u00e7\u00e3o-a\u00e7\u00e3o, alternando momentos de forma\u00e7\u00e3o e de consultadoria em contexto organizacional.<\/p>\n<\/div><div class=\"fusion-sep-clear\"><\/div><div class=\"fusion-separator fusion-full-width-sep\" style=\"margin-left: auto;margin-right: auto;width:100%;\"><div class=\"fusion-separator-border sep-single sep-solid\" style=\"--awb-height:20px;--awb-amount:20px;border-color:#e0dede;border-top-width:1px;\"><\/div><\/div><div class=\"fusion-sep-clear\"><\/div><div class=\"fusion-clearfix\"><\/div><\/div><\/div><div class=\"fusion-layout-column fusion_builder_column fusion-builder-column-1 fusion_builder_column_1_1 1_1 fusion-one-full fusion-column-first fusion-column-last fusion-column-no-min-height\" style=\"--awb-bg-size:cover;--awb-margin-bottom:0px;\"><div class=\"fusion-column-wrapper fusion-flex-column-wrapper-legacy\"><div class=\"fusion-sep-clear\"><\/div><div class=\"fusion-separator fusion-full-width-sep\" style=\"margin-left: auto;margin-right: auto;margin-top:10px;margin-bottom:10px;width:100%;\"><\/div><div class=\"fusion-sep-clear\"><\/div><div class=\"fusion-clearfix\"><\/div><\/div><\/div><div class=\"fusion-layout-column fusion_builder_column fusion-builder-column-2 fusion_builder_column_1_1 1_1 fusion-one-full fusion-column-first fusion-column-last fusion-column-no-min-height\" style=\"--awb-padding-top:40px;--awb-bg-size:cover;--awb-margin-bottom:0px;\"><div class=\"fusion-column-wrapper fusion-flex-column-wrapper-legacy\"><div class=\"fusion-text fusion-text-2\"><p style=\"text-align: center;\"><b>PLANO DE A\u00c7\u00c3O<\/b><\/p>\n<p>Embora o Plano de Interven\u00e7\u00e3o esteja previamente definido, fixando um padr\u00e3o para a dura\u00e7\u00e3o das interven\u00e7\u00f5es de forma\u00e7\u00e3o e consultadoria, as a\u00e7\u00f5es a implementar ser\u00e3o adequadas aos problemas e oportunidades identificadas no diagn\u00f3stico individual de cada PME.<\/p>\n<p>O Plano assenta na seguinte estrutura:<\/p>\n<p>&#8211; Ir\u00e1 abranger as \u00e1reas de Organiza\u00e7\u00e3o\/Gest\u00e3o e Internacionaliza\u00e7\u00e3o para responder \u00e0s necessidades de natureza coletiva de um leque abrangente de empresas;<\/p>\n<p>&#8211; Em cada PME ser\u00e1 realizado um diagn\u00f3stico que sustenta um plano de a\u00e7\u00e3o e, no final da interven\u00e7\u00e3o, um relat\u00f3rio de avalia\u00e7\u00e3o dos resultados alcan\u00e7ados;<\/p>\n<p>&#8211; O diagn\u00f3stico e o plano de a\u00e7\u00e3o ser\u00e3o desenvolvidos em estreita articula\u00e7\u00e3o entre a gest\u00e3o de topo, o grupo de colaboradores por esta designada e a equipa de formadores e consultores no terreno;<\/p>\n<p>&#8211; A componente de forma\u00e7\u00e3o te\u00f3rica contempla a realiza\u00e7\u00e3o de workshops interempresa nas \u00e1reas de interven\u00e7\u00e3o por forma a potenciar a troca de experi\u00eancias e enriquecer o processo formativo.<\/p>\n<p>O projeto vai apoiar 34 PME, 22 empresas na \u00e1rea tem\u00e1tica Organiza\u00e7\u00e3o e Gest\u00e3o e as restantes e 12 na tem\u00e1tica de Internacionaliza\u00e7\u00e3o.<\/p>\n<div><img decoding=\"async\" class=\"size-400 wp-image-14802 alignright\" src=\"https:\/\/www.aneme.pt\/site\/wp-content\/uploads\/2018\/02\/poci-400x69.png\" alt=\"\" width=\"400\" height=\"69\" srcset=\"https:\/\/www.aneme.pt\/site\/wp-content\/uploads\/2018\/02\/poci-200x34.png 200w, https:\/\/www.aneme.pt\/site\/wp-content\/uploads\/2018\/02\/poci-300x51.png 300w, https:\/\/www.aneme.pt\/site\/wp-content\/uploads\/2018\/02\/poci-400x69.png 400w, https:\/\/www.aneme.pt\/site\/wp-content\/uploads\/2018\/02\/poci-600x103.png 600w, https:\/\/www.aneme.pt\/site\/wp-content\/uploads\/2018\/02\/poci-768x132.png 768w, https:\/\/www.aneme.pt\/site\/wp-content\/uploads\/2018\/02\/poci-800x137.png 800w, https:\/\/www.aneme.pt\/site\/wp-content\/uploads\/2018\/02\/poci-1024x176.png 1024w, https:\/\/www.aneme.pt\/site\/wp-content\/uploads\/2018\/02\/poci-1200x206.png 1200w, https:\/\/www.aneme.pt\/site\/wp-content\/uploads\/2018\/02\/poci.png 1651w\" sizes=\"(max-width: 400px) 100vw, 400px\" \/><\/div>\n<\/div><div class=\"fusion-sep-clear\"><\/div><div class=\"fusion-separator fusion-full-width-sep\" style=\"margin-left: auto;margin-right: auto;margin-top:10px;margin-bottom:10px;width:100%;\"><\/div><div class=\"fusion-sep-clear\"><\/div><div class=\"fusion-clearfix\"><\/div><\/div><\/div><div class=\"fusion-layout-column fusion_builder_column fusion-builder-column-3 fusion_builder_column_1_1 1_1 fusion-one-full fusion-column-first fusion-column-last fusion-column-no-min-height\" style=\"--awb-bg-size:cover;--awb-margin-bottom:0px;\"><div class=\"fusion-column-wrapper fusion-flex-column-wrapper-legacy\"><div class=\"fusion-sep-clear\"><\/div><div class=\"fusion-separator fusion-full-width-sep\" style=\"margin-left: auto;margin-right: auto;margin-top:10px;margin-bottom:10px;width:100%;\"><\/div><div class=\"fusion-sep-clear\"><\/div><div class=\"fusion-clearfix\"><\/div><\/div><\/div><div class=\"fusion-layout-column fusion_builder_column fusion-builder-column-4 fusion_builder_column_1_1 1_1 fusion-one-full fusion-column-first fusion-column-last fusion-column-no-min-height\" style=\"--awb-bg-size:cover;--awb-margin-bottom:0px;\"><div class=\"fusion-column-wrapper fusion-flex-column-wrapper-legacy\"><div class=\"fusion-sep-clear\"><\/div><div class=\"fusion-separator fusion-full-width-sep\" style=\"margin-left: auto;margin-right: auto;margin-top:10px;margin-bottom:10px;width:100%;\"><\/div><div class=\"fusion-sep-clear\"><\/div><div class=\"fusion-clearfix\"><\/div><\/div><\/div><\/div><\/div>\n","protected":false},"excerpt":{"rendered":"","protected":false},"author":800,"featured_media":0,"parent":0,"menu_order":0,"comment_status":"open","ping_status":"open","template":"","meta":{"_cbd_carousel_blocks":"[]","footnotes":""},"yoast_head":"<!-- This site is optimized with the Yoast SEO plugin v22.1 - https:\/\/yoast.com\/wordpress\/plugins\/seo\/ -->\n<title>P2020: Projeto Forma\u00e7\u00e3o A\u00e7\u00e3o para PME - 2017\/2018 - ANEME<\/title>\n<meta name=\"robots\" content=\"index, follow, max-snippet:-1, max-image-preview:large, max-video-preview:-1\" \/>\n<link rel=\"canonical\" href=\"https:\/\/www.aneme.pt\/site\/projeto-formacao-acao-pme-2017-2018\/\" \/>\n<meta property=\"og:locale\" content=\"pt_PT\" \/>\n<meta property=\"og:type\" content=\"article\" \/>\n<meta property=\"og:title\" content=\"P2020: Projeto Forma\u00e7\u00e3o A\u00e7\u00e3o para PME - 2017\/2018 - ANEME\" \/>\n<meta property=\"og:url\" content=\"https:\/\/www.aneme.pt\/site\/projeto-formacao-acao-pme-2017-2018\/\" \/>\n<meta property=\"og:site_name\" content=\"ANEME\" \/>\n<meta property=\"article:modified_time\" content=\"2018-02-23T12:24:39+00:00\" \/>\n<meta property=\"og:image\" content=\"https:\/\/www.aneme.pt\/site\/wp-content\/uploads\/2018\/02\/poci-400x69.png\" \/>\n<meta name=\"twitter:card\" content=\"summary_large_image\" \/>\n<meta name=\"twitter:label1\" content=\"Tempo estimado de leitura\" \/>\n\t<meta name=\"twitter:data1\" content=\"4 minutos\" \/>\n<script type=\"application\/ld+json\" class=\"yoast-schema-graph\">{\"@context\":\"https:\/\/schema.org\",\"@graph\":[{\"@type\":\"WebPage\",\"@id\":\"https:\/\/www.aneme.pt\/site\/projeto-formacao-acao-pme-2017-2018\/\",\"url\":\"https:\/\/www.aneme.pt\/site\/projeto-formacao-acao-pme-2017-2018\/\",\"name\":\"P2020: Projeto Forma\u00e7\u00e3o A\u00e7\u00e3o para PME - 2017\/2018 - ANEME\",\"isPartOf\":{\"@id\":\"https:\/\/www.aneme.pt\/site\/?lang=en\/#website\"},\"datePublished\":\"2018-01-24T16:58:55+00:00\",\"dateModified\":\"2018-02-23T12:24:39+00:00\",\"breadcrumb\":{\"@id\":\"https:\/\/www.aneme.pt\/site\/projeto-formacao-acao-pme-2017-2018\/#breadcrumb\"},\"inLanguage\":\"pt-PT\",\"potentialAction\":[{\"@type\":\"ReadAction\",\"target\":[\"https:\/\/www.aneme.pt\/site\/projeto-formacao-acao-pme-2017-2018\/\"]}]},{\"@type\":\"BreadcrumbList\",\"@id\":\"https:\/\/www.aneme.pt\/site\/projeto-formacao-acao-pme-2017-2018\/#breadcrumb\",\"itemListElement\":[{\"@type\":\"ListItem\",\"position\":1,\"name\":\"In\u00edcio\",\"item\":\"https:\/\/www.aneme.pt\/site\/\"},{\"@type\":\"ListItem\",\"position\":2,\"name\":\"P2020: Projeto Forma\u00e7\u00e3o A\u00e7\u00e3o para PME &#8211; 2017\/2018\"}]},{\"@type\":\"WebSite\",\"@id\":\"https:\/\/www.aneme.pt\/site\/?lang=en\/#website\",\"url\":\"https:\/\/www.aneme.pt\/site\/?lang=en\/\",\"name\":\"ANEME\",\"description\":\"Associa\u00e7\u00e3o Nacional das Empresas Metal\u00fargicas e Electromec\u00e2nicas\",\"potentialAction\":[{\"@type\":\"SearchAction\",\"target\":{\"@type\":\"EntryPoint\",\"urlTemplate\":\"https:\/\/www.aneme.pt\/site\/?lang=en\/?s={search_term_string}\"},\"query-input\":\"required name=search_term_string\"}],\"inLanguage\":\"pt-PT\"}]}<\/script>\n<!-- \/ Yoast SEO plugin. -->","yoast_head_json":{"title":"P2020: Projeto Forma\u00e7\u00e3o A\u00e7\u00e3o para PME - 2017\/2018 - ANEME","robots":{"index":"index","follow":"follow","max-snippet":"max-snippet:-1","max-image-preview":"max-image-preview:large","max-video-preview":"max-video-preview:-1"},"canonical":"https:\/\/www.aneme.pt\/site\/projeto-formacao-acao-pme-2017-2018\/","og_locale":"pt_PT","og_type":"article","og_title":"P2020: Projeto Forma\u00e7\u00e3o A\u00e7\u00e3o para PME - 2017\/2018 - ANEME","og_url":"https:\/\/www.aneme.pt\/site\/projeto-formacao-acao-pme-2017-2018\/","og_site_name":"ANEME","article_modified_time":"2018-02-23T12:24:39+00:00","og_image":[{"url":"https:\/\/www.aneme.pt\/site\/wp-content\/uploads\/2018\/02\/poci-400x69.png"}],"twitter_card":"summary_large_image","twitter_misc":{"Tempo estimado de leitura":"4 minutos"},"schema":{"@context":"https:\/\/schema.org","@graph":[{"@type":"WebPage","@id":"https:\/\/www.aneme.pt\/site\/projeto-formacao-acao-pme-2017-2018\/","url":"https:\/\/www.aneme.pt\/site\/projeto-formacao-acao-pme-2017-2018\/","name":"P2020: Projeto Forma\u00e7\u00e3o A\u00e7\u00e3o para PME - 2017\/2018 - ANEME","isPartOf":{"@id":"https:\/\/www.aneme.pt\/site\/?lang=en\/#website"},"datePublished":"2018-01-24T16:58:55+00:00","dateModified":"2018-02-23T12:24:39+00:00","breadcrumb":{"@id":"https:\/\/www.aneme.pt\/site\/projeto-formacao-acao-pme-2017-2018\/#breadcrumb"},"inLanguage":"pt-PT","potentialAction":[{"@type":"ReadAction","target":["https:\/\/www.aneme.pt\/site\/projeto-formacao-acao-pme-2017-2018\/"]}]},{"@type":"BreadcrumbList","@id":"https:\/\/www.aneme.pt\/site\/projeto-formacao-acao-pme-2017-2018\/#breadcrumb","itemListElement":[{"@type":"ListItem","position":1,"name":"In\u00edcio","item":"https:\/\/www.aneme.pt\/site\/"},{"@type":"ListItem","position":2,"name":"P2020: Projeto Forma\u00e7\u00e3o A\u00e7\u00e3o para PME &#8211; 2017\/2018"}]},{"@type":"WebSite","@id":"https:\/\/www.aneme.pt\/site\/?lang=en\/#website","url":"https:\/\/www.aneme.pt\/site\/?lang=en\/","name":"ANEME","description":"Associa\u00e7\u00e3o Nacional das Empresas Metal\u00fargicas e Electromec\u00e2nicas","potentialAction":[{"@type":"SearchAction","target":{"@type":"EntryPoint","urlTemplate":"https:\/\/www.aneme.pt\/site\/?lang=en\/?s={search_term_string}"},"query-input":"required name=search_term_string"}],"inLanguage":"pt-PT"}]}},"_links":{"self":[{"href":"https:\/\/www.aneme.pt\/site\/wp-json\/wp\/v2\/pages\/13121"}],"collection":[{"href":"https:\/\/www.aneme.pt\/site\/wp-json\/wp\/v2\/pages"}],"about":[{"href":"https:\/\/www.aneme.pt\/site\/wp-json\/wp\/v2\/types\/page"}],"author":[{"embeddable":true,"href":"https:\/\/www.aneme.pt\/site\/wp-json\/wp\/v2\/users\/800"}],"replies":[{"embeddable":true,"href":"https:\/\/www.aneme.pt\/site\/wp-json\/wp\/v2\/comments?post=13121"}],"version-history":[{"count":8,"href":"https:\/\/www.aneme.pt\/site\/wp-json\/wp\/v2\/pages\/13121\/revisions"}],"predecessor-version":[{"id":14912,"href":"https:\/\/www.aneme.pt\/site\/wp-json\/wp\/v2\/pages\/13121\/revisions\/14912"}],"wp:attachment":[{"href":"https:\/\/www.aneme.pt\/site\/wp-json\/wp\/v2\/media?parent=13121"}],"curies":[{"name":"wp","href":"https:\/\/api.w.org\/{rel}","templated":true}]}}